{"id":2368,"date":"2023-05-24T07:13:28","date_gmt":"2023-05-24T07:13:28","guid":{"rendered":"https:\/\/apl.uni-ak.ac.at\/?page_id=2368"},"modified":"2025-03-11T15:33:32","modified_gmt":"2025-03-11T15:33:32","slug":"members","status":"publish","type":"page","link":"https:\/\/apl.uni-ak.ac.at\/index.php\/about\/members\/","title":{"rendered":"Members"},"content":{"rendered":"\t\t<div data-elementor-type=\"wp-page\" data-elementor-id=\"2368\" class=\"elementor elementor-2368\">\n\t\t\t\t<div class=\"elementor-element elementor-element-a2614a9 e-flex e-con-boxed e-con e-parent\" data-id=\"a2614a9\" data-element_type=\"container\" data-e-type=\"container\">\n\t\t\t\t\t<div class=\"e-con-inner\">\n\t\t\t\t<div class=\"elementor-element elementor-element-f465db9 elementor-widget elementor-widget-text-editor\" data-id=\"f465db9\" data-element_type=\"widget\" data-e-type=\"widget\" data-widget_type=\"text-editor.default\">\n\t\t\t\t<div class=\"elementor-widget-container\">\n\t\t\t\t\t\t\t\t\t<p><em>The APL was developed by a group of performance artists associated with the University of Applied Arts. <br \/><\/em><\/p><p><em>The members of the current developing group are Ricarda Denzer, Nikolaus Gansterer, Asher O\u2019Gorman, Mariella Greil, Peter Kozek, Daria Lytvynenko, Timothy Nouzak, Jianan Qu, Barbis Ruder, Charlotta Ruth, Jasmin Schaitl, Lucie Strecker.<\/em><\/p>\t\t\t\t\t\t\t\t<\/div>\n\t\t\t\t<\/div>\n\t\t\t\t\t<\/div>\n\t\t\t\t<\/div>\n\t\t<div class=\"elementor-element elementor-element-05232ab e-flex e-con-boxed e-con e-parent\" data-id=\"05232ab\" data-element_type=\"container\" data-e-type=\"container\">\n\t\t\t\t\t<div class=\"e-con-inner\">\n\t\t<div class=\"elementor-element elementor-element-d6195cc e-con-full e-flex e-con e-child\" data-id=\"d6195cc\" data-element_type=\"container\" data-e-type=\"container\">\n\t\t\t\t<div class=\"elementor-element elementor-element-7e4a993 elementor-widget elementor-widget-image\" data-id=\"7e4a993\" data-element_type=\"widget\" data-e-type=\"widget\" data-widget_type=\"image.default\">\n\t\t\t\t<div class=\"elementor-widget-container\">\n\t\t\t\t\t\t\t\t\t\t\t\t\t\t\t<img fetchpriority=\"high\" decoding=\"async\" width=\"1024\" height=\"768\" src=\"https:\/\/apl.uni-ak.ac.at\/wp-content\/uploads\/2023\/05\/APL-member-Asher-.PORTRAIT_2-1-1024x768.jpg\" class=\"attachment-large size-large wp-image-2373\" alt=\"\" srcset=\"https:\/\/apl.uni-ak.ac.at\/wp-content\/uploads\/2023\/05\/APL-member-Asher-.PORTRAIT_2-1-1024x768.jpg 1024w, https:\/\/apl.uni-ak.ac.at\/wp-content\/uploads\/2023\/05\/APL-member-Asher-.PORTRAIT_2-1-300x225.jpg 300w, https:\/\/apl.uni-ak.ac.at\/wp-content\/uploads\/2023\/05\/APL-member-Asher-.PORTRAIT_2-1-768x576.jpg 768w, https:\/\/apl.uni-ak.ac.at\/wp-content\/uploads\/2023\/05\/APL-member-Asher-.PORTRAIT_2-1-1536x1152.jpg 1536w, https:\/\/apl.uni-ak.ac.at\/wp-content\/uploads\/2023\/05\/APL-member-Asher-.PORTRAIT_2-1-2048x1536.jpg 2048w, https:\/\/apl.uni-ak.ac.at\/wp-content\/uploads\/2023\/05\/APL-member-Asher-.PORTRAIT_2-1-1000x750.jpg 1000w, https:\/\/apl.uni-ak.ac.at\/wp-content\/uploads\/2023\/05\/APL-member-Asher-.PORTRAIT_2-1-230x173.jpg 230w, https:\/\/apl.uni-ak.ac.at\/wp-content\/uploads\/2023\/05\/APL-member-Asher-.PORTRAIT_2-1-350x263.jpg 350w, https:\/\/apl.uni-ak.ac.at\/wp-content\/uploads\/2023\/05\/APL-member-Asher-.PORTRAIT_2-1-480x360.jpg 480w\" sizes=\"(max-width: 1024px) 100vw, 1024px\" \/>\t\t\t\t\t\t\t\t\t\t\t\t\t\t\t<\/div>\n\t\t\t\t<\/div>\n\t\t\t\t<\/div>\n\t\t<div class=\"elementor-element elementor-element-2f05b42 e-con-full e-flex e-con e-child\" data-id=\"2f05b42\" data-element_type=\"container\" data-e-type=\"container\">\n\t\t\t\t<div class=\"elementor-element elementor-element-cffe616 elementor-widget elementor-widget-text-editor\" data-id=\"cffe616\" data-element_type=\"widget\" data-e-type=\"widget\" data-widget_type=\"text-editor.default\">\n\t\t\t\t<div class=\"elementor-widget-container\">\n\t\t\t\t\t\t\t\t\t<p><strong>Asher O\u2019Gorman<\/strong>, Irish-British artist works as a dancer, maker and hosts workshops in various kaleidoscopic collaborative settings. Her work is a meeting of choreographic and visual art practices. She collaborates closely with raw materials drawing out their physical performative agency. Highlighting the tactile, visual, sensuous and existential nature of things to reveal the wonder of the \u201cordinary\u201d; Thus challenging the hegemony of anthropocentrism. Asher holds a B.A. in choreography (DCA), a diploma in Dance from (SEAD) and M.A. from TransArts Die Angewandte. Asher\u2019s latest work \u2018stroke all the colours out of the sky\u2019 was premiered at brut theatre. Her work is supported by the City of Vienna\u2019s Department of Cultural Affairs, the Austrian Federal Chancellor\u2019s Office, Arts Council England, Otto Mauer Fonds and the Embassy of Ireland. In 2021 Asher became a member of APL and initiated the organisation HOOD for Artist Parents.\u2028<\/p><p><a href=\"http:\/\/asherogorman.com\" target=\"_blank\" rel=\"noopener\">asherogorman.com<\/a><\/p>\t\t\t\t\t\t\t\t<\/div>\n\t\t\t\t<\/div>\n\t\t\t\t<\/div>\n\t\t\t\t\t<\/div>\n\t\t\t\t<\/div>\n\t\t<div class=\"elementor-element elementor-element-ab63ada e-flex e-con-boxed e-con e-parent\" data-id=\"ab63ada\" data-element_type=\"container\" data-e-type=\"container\">\n\t\t\t\t\t<div class=\"e-con-inner\">\n\t\t<div class=\"elementor-element elementor-element-b4b770d e-con-full e-flex e-con e-child\" data-id=\"b4b770d\" data-element_type=\"container\" data-e-type=\"container\">\n\t\t\t\t<div class=\"elementor-element elementor-element-d15fe0c elementor-widget elementor-widget-image\" data-id=\"d15fe0c\" data-element_type=\"widget\" data-e-type=\"widget\" data-widget_type=\"image.default\">\n\t\t\t\t<div class=\"elementor-widget-container\">\n\t\t\t\t\t\t\t\t\t\t\t\t\t\t\t<img decoding=\"async\" width=\"1024\" height=\"768\" src=\"https:\/\/apl.uni-ak.ac.at\/wp-content\/uploads\/2023\/05\/CRUTH_foto_FabianWeiss-1024x768.jpg\" class=\"attachment-large size-large wp-image-2374\" alt=\"\" srcset=\"https:\/\/apl.uni-ak.ac.at\/wp-content\/uploads\/2023\/05\/CRUTH_foto_FabianWeiss-1024x768.jpg 1024w, https:\/\/apl.uni-ak.ac.at\/wp-content\/uploads\/2023\/05\/CRUTH_foto_FabianWeiss-300x225.jpg 300w, https:\/\/apl.uni-ak.ac.at\/wp-content\/uploads\/2023\/05\/CRUTH_foto_FabianWeiss-768x576.jpg 768w, https:\/\/apl.uni-ak.ac.at\/wp-content\/uploads\/2023\/05\/CRUTH_foto_FabianWeiss-1536x1152.jpg 1536w, https:\/\/apl.uni-ak.ac.at\/wp-content\/uploads\/2023\/05\/CRUTH_foto_FabianWeiss-2048x1536.jpg 2048w, https:\/\/apl.uni-ak.ac.at\/wp-content\/uploads\/2023\/05\/CRUTH_foto_FabianWeiss-1000x750.jpg 1000w, https:\/\/apl.uni-ak.ac.at\/wp-content\/uploads\/2023\/05\/CRUTH_foto_FabianWeiss-230x173.jpg 230w, https:\/\/apl.uni-ak.ac.at\/wp-content\/uploads\/2023\/05\/CRUTH_foto_FabianWeiss-350x263.jpg 350w, https:\/\/apl.uni-ak.ac.at\/wp-content\/uploads\/2023\/05\/CRUTH_foto_FabianWeiss-480x360.jpg 480w\" sizes=\"(max-width: 1024px) 100vw, 1024px\" \/>\t\t\t\t\t\t\t\t\t\t\t\t\t\t\t<\/div>\n\t\t\t\t<\/div>\n\t\t\t\t<div class=\"elementor-element elementor-element-58f514a elementor-widget elementor-widget-text-editor\" data-id=\"58f514a\" data-element_type=\"widget\" data-e-type=\"widget\" data-widget_type=\"text-editor.default\">\n\t\t\t\t<div class=\"elementor-widget-container\">\n\t\t\t\t\t\t\t\t\t<p><em>Photo credit: Charlotta Ruth \u201cCommunicating with possible receivers\u201d group call phone experiment part of the Almost Doctor Festival \/ PhD defense Zentrum Fokus Forschung 2022. Photo: Fabian Weiss<\/em><\/p>\t\t\t\t\t\t\t\t<\/div>\n\t\t\t\t<\/div>\n\t\t\t\t<\/div>\n\t\t<div class=\"elementor-element elementor-element-bf1cae9 e-con-full e-flex e-con e-child\" data-id=\"bf1cae9\" data-element_type=\"container\" data-e-type=\"container\">\n\t\t\t\t<div class=\"elementor-element elementor-element-f0a5367 elementor-widget elementor-widget-text-editor\" data-id=\"f0a5367\" data-element_type=\"widget\" data-e-type=\"widget\" data-widget_type=\"text-editor.default\">\n\t\t\t\t<div class=\"elementor-widget-container\">\n\t\t\t\t\t\t\t\t\t<p><strong>CHARLOTTA RUTH (S\/A)<\/strong> plays with time and perception inside choreography and ludic systems. Her practice takes a media independent but site and context specific approach ranging between stage, gallery, public space, writing, institutional in-between spaces, games, video and online.\u00a0She looks for subconscious layers in concrete actions. Things that are dual; meticulously freaky, off beautiful and colorful grey. The last years her main topic of investigation has been performative aspects of communication, questioning forms of societal participation and what happens to \u201cliveness\u201d in online to offline environments.\u00a0Her work has been co-produced by for instance MDT and Dansens Hus in Stockholm, Tanzquartier, brut, WUK, Brunnenpassage and City Games Vienna. She is educated at the Royal Swedish Ballet School, holds a MFA in choreography from Stockholm University of the Arts, regularly collaborates as a performer with other artists and teaches internationally. Since 2017 Ruth is associated with the University of Applied Arts Vienna, where she concluded her PhD in Arts (2022) and currently co-leads the research projects\u00a0<em>Archives in Practice<\/em>\u00a0with Olivia Jaques and Marlies Surtmann (INTRA) as well as contributes to\u00a0<em>Outer Woman<\/em>\u00a0\/ Cordula Daus (Elise-Richter PEEK\/FWF).<\/p><p><a href=\"https:\/\/charlottaruth.com\/\" target=\"_blank\" rel=\"noopener\">https:\/\/charlottaruth.com\/<\/a><\/p>\t\t\t\t\t\t\t\t<\/div>\n\t\t\t\t<\/div>\n\t\t\t\t<\/div>\n\t\t\t\t\t<\/div>\n\t\t\t\t<\/div>\n\t\t<div class=\"elementor-element elementor-element-9946128 e-flex e-con-boxed e-con e-parent\" data-id=\"9946128\" data-element_type=\"container\" data-e-type=\"container\">\n\t\t\t\t\t<div class=\"e-con-inner\">\n\t\t<div class=\"elementor-element elementor-element-ab65b4b e-con-full e-flex e-con e-child\" data-id=\"ab65b4b\" data-element_type=\"container\" data-e-type=\"container\">\n\t\t\t\t<div class=\"elementor-element elementor-element-70b64ed elementor-widget elementor-widget-image\" data-id=\"70b64ed\" data-element_type=\"widget\" data-e-type=\"widget\" data-widget_type=\"image.default\">\n\t\t\t\t<div class=\"elementor-widget-container\">\n\t\t\t\t\t\t\t\t\t\t\t\t\t\t\t<img decoding=\"async\" width=\"684\" height=\"1024\" src=\"https:\/\/apl.uni-ak.ac.at\/wp-content\/uploads\/2023\/05\/Bildschirmfoto-2023-05-24-um-09.07.34-684x1024.png\" class=\"attachment-large size-large wp-image-2376\" alt=\"\" srcset=\"https:\/\/apl.uni-ak.ac.at\/wp-content\/uploads\/2023\/05\/Bildschirmfoto-2023-05-24-um-09.07.34-684x1024.png 684w, https:\/\/apl.uni-ak.ac.at\/wp-content\/uploads\/2023\/05\/Bildschirmfoto-2023-05-24-um-09.07.34-200x300.png 200w, https:\/\/apl.uni-ak.ac.at\/wp-content\/uploads\/2023\/05\/Bildschirmfoto-2023-05-24-um-09.07.34-768x1149.png 768w, https:\/\/apl.uni-ak.ac.at\/wp-content\/uploads\/2023\/05\/Bildschirmfoto-2023-05-24-um-09.07.34-230x344.png 230w, https:\/\/apl.uni-ak.ac.at\/wp-content\/uploads\/2023\/05\/Bildschirmfoto-2023-05-24-um-09.07.34-350x524.png 350w, https:\/\/apl.uni-ak.ac.at\/wp-content\/uploads\/2023\/05\/Bildschirmfoto-2023-05-24-um-09.07.34-480x718.png 480w, https:\/\/apl.uni-ak.ac.at\/wp-content\/uploads\/2023\/05\/Bildschirmfoto-2023-05-24-um-09.07.34.png 882w\" sizes=\"(max-width: 684px) 100vw, 684px\" \/>\t\t\t\t\t\t\t\t\t\t\t\t\t\t\t<\/div>\n\t\t\t\t<\/div>\n\t\t\t\t<\/div>\n\t\t<div class=\"elementor-element elementor-element-d743365 e-con-full e-flex e-con e-child\" data-id=\"d743365\" data-element_type=\"container\" data-e-type=\"container\">\n\t\t\t\t<div class=\"elementor-element elementor-element-a4f88e8 elementor-widget elementor-widget-text-editor\" data-id=\"a4f88e8\" data-element_type=\"widget\" data-e-type=\"widget\" data-widget_type=\"text-editor.default\">\n\t\t\t\t<div class=\"elementor-widget-container\">\n\t\t\t\t\t\t\t\t\t<p><strong>Daria Lytvynenko<\/strong> (Yalta, Ukraine, currently based in Vienna) is a multidisciplinary artist with a background in mime and physical theatre, working primarily with performance, video and installation.\u00a0<\/p><p>She addresses the audience in a provocative way, based on constant experiments with humour, satire and circus elements to voice the complexities of political and civil spheres.<\/p><p>Since the beginning of the full-scale russian invasion of Ukraine, Daria has been creating action-performances in public spaces in Vienna.\u00a0<\/p><p>In June 2023, Lytvynenko, in collaboration with Jasmin Schaitl, organised the international exhibition &#8220;Closeness&#8221; and the performance &#8220;No Distance Allowed&#8221; with participation of Ukrainian students from the University of Applied Arts and invited Ukrainian artists. This project is developing further and is planning to offer performative workshops for displaced Ukrainians in Austria, Czech Republic and Ukraine in 2024.\u00a0<\/p><p>In July-September 2022, Daria participated in the community-building project &#8220;Great Oven&#8221; in Lebanon, where she initiated workshops with local children and created the film &#8220;Due to the Burning Wave&#8221; with the small Ukrainian community in Bekaa Valley.<\/p><p><a href=\"https:\/\/www.instagram.com\/darialytvynenko\/\" target=\"_blank\" rel=\"noopener\">https:\/\/www.instagram.com\/darialytvynenko\/<\/a><\/p>\t\t\t\t\t\t\t\t<\/div>\n\t\t\t\t<\/div>\n\t\t\t\t<\/div>\n\t\t\t\t\t<\/div>\n\t\t\t\t<\/div>\n\t\t<div class=\"elementor-element elementor-element-cf9e3ab e-flex e-con-boxed e-con e-parent\" data-id=\"cf9e3ab\" data-element_type=\"container\" data-e-type=\"container\">\n\t\t\t\t\t<div class=\"e-con-inner\">\n\t\t<div class=\"elementor-element elementor-element-6b0ba1c e-con-full e-flex e-con e-child\" data-id=\"6b0ba1c\" data-element_type=\"container\" data-e-type=\"container\">\n\t\t\t\t<div class=\"elementor-element elementor-element-bf1163d elementor-widget elementor-widget-image\" data-id=\"bf1163d\" data-element_type=\"widget\" data-e-type=\"widget\" data-widget_type=\"image.default\">\n\t\t\t\t<div class=\"elementor-widget-container\">\n\t\t\t\t\t\t\t\t\t\t\t\t\t\t\t<img loading=\"lazy\" decoding=\"async\" width=\"1024\" height=\"683\" src=\"https:\/\/apl.uni-ak.ac.at\/wp-content\/uploads\/2023\/05\/Bildschirmfoto-2023-03-08-um-21.12.19-1-1024x683.png\" class=\"attachment-large size-large wp-image-2378\" alt=\"\" srcset=\"https:\/\/apl.uni-ak.ac.at\/wp-content\/uploads\/2023\/05\/Bildschirmfoto-2023-03-08-um-21.12.19-1-1024x683.png 1024w, https:\/\/apl.uni-ak.ac.at\/wp-content\/uploads\/2023\/05\/Bildschirmfoto-2023-03-08-um-21.12.19-1-300x200.png 300w, https:\/\/apl.uni-ak.ac.at\/wp-content\/uploads\/2023\/05\/Bildschirmfoto-2023-03-08-um-21.12.19-1-768x512.png 768w, https:\/\/apl.uni-ak.ac.at\/wp-content\/uploads\/2023\/05\/Bildschirmfoto-2023-03-08-um-21.12.19-1-1000x667.png 1000w, https:\/\/apl.uni-ak.ac.at\/wp-content\/uploads\/2023\/05\/Bildschirmfoto-2023-03-08-um-21.12.19-1-230x153.png 230w, https:\/\/apl.uni-ak.ac.at\/wp-content\/uploads\/2023\/05\/Bildschirmfoto-2023-03-08-um-21.12.19-1-350x233.png 350w, https:\/\/apl.uni-ak.ac.at\/wp-content\/uploads\/2023\/05\/Bildschirmfoto-2023-03-08-um-21.12.19-1-480x320.png 480w, https:\/\/apl.uni-ak.ac.at\/wp-content\/uploads\/2023\/05\/Bildschirmfoto-2023-03-08-um-21.12.19-1.png 1125w\" sizes=\"(max-width: 1024px) 100vw, 1024px\" \/>\t\t\t\t\t\t\t\t\t\t\t\t\t\t\t<\/div>\n\t\t\t\t<\/div>\n\t\t\t\t<\/div>\n\t\t<div class=\"elementor-element elementor-element-fb544c5 e-con-full e-flex e-con e-child\" data-id=\"fb544c5\" data-element_type=\"container\" data-e-type=\"container\">\n\t\t\t\t<div class=\"elementor-element elementor-element-b8e0bd3 elementor-widget elementor-widget-text-editor\" data-id=\"b8e0bd3\" data-element_type=\"widget\" data-e-type=\"widget\" data-widget_type=\"text-editor.default\">\n\t\t\t\t<div class=\"elementor-widget-container\">\n\t\t\t\t\t\t\t\t\t<p><strong>Jasmin Schaitl<\/strong>\u00a0is a visual artist, artistic researcher, organiser and lecturer. For more than 10 years she has been sharing her approach to performance through workshops at universities, institutions\u00a0and performance festivals across Europe and overseas.\u00a0She has been developing artistic, performative methods that combine the sense of touch, the theme of memory and contemplative practices.\u00a0Since 2021, her focus has been on participatory,\u00a0\u00a0contemplative and multi sensorial formats for exhibitions\/performances that allow people to actively participate, and co-create what they experience.\u00a0<br \/>In June 2023 she started to collaborate with Daria Lytvynenko and organised the international project &#8220;Closeness&#8221; and the performance &#8220;No Distance Allowed&#8221;, that created a platform for exhibiting, exchanging and supporting Ukrainian artists.\u00a0\u00a0This project idea is currently growing and together they plan to offer performative workshops for displaced Ukrainians in Austria, Czech Republic and Ukraine in 2024.\u00a0<\/p><p><a href=\"http:\/\/www.jasminschaitl.com\/\">www.jasminschaitl.com<\/a><\/p><p><a href=\"https:\/\/vimeo.com\/jasminschaitl\">https:\/\/vimeo.com\/jasminschaitl<\/a><\/p><p>\u00a0<\/p><p>\u00a0<\/p>\t\t\t\t\t\t\t\t<\/div>\n\t\t\t\t<\/div>\n\t\t\t\t<\/div>\n\t\t\t\t\t<\/div>\n\t\t\t\t<\/div>\n\t\t<div class=\"elementor-element elementor-element-69aa754 e-flex e-con-boxed e-con e-parent\" data-id=\"69aa754\" data-element_type=\"container\" data-e-type=\"container\">\n\t\t\t\t\t<div class=\"e-con-inner\">\n\t\t<div class=\"elementor-element elementor-element-eea83af e-con-full e-flex e-con e-child\" data-id=\"eea83af\" data-element_type=\"container\" data-e-type=\"container\">\n\t\t\t\t<div class=\"elementor-element elementor-element-015a9b4 elementor-widget elementor-widget-image\" data-id=\"015a9b4\" data-element_type=\"widget\" data-e-type=\"widget\" data-widget_type=\"image.default\">\n\t\t\t\t<div class=\"elementor-widget-container\">\n\t\t\t\t\t\t\t\t\t\t\t\t\t\t\t<img loading=\"lazy\" decoding=\"async\" width=\"480\" height=\"633\" src=\"https:\/\/apl.uni-ak.ac.at\/wp-content\/uploads\/2023\/05\/52A5978.jpeg\" class=\"attachment-large size-large wp-image-2380\" alt=\"\" srcset=\"https:\/\/apl.uni-ak.ac.at\/wp-content\/uploads\/2023\/05\/52A5978.jpeg 480w, https:\/\/apl.uni-ak.ac.at\/wp-content\/uploads\/2023\/05\/52A5978-227x300.jpeg 227w, https:\/\/apl.uni-ak.ac.at\/wp-content\/uploads\/2023\/05\/52A5978-230x303.jpeg 230w, https:\/\/apl.uni-ak.ac.at\/wp-content\/uploads\/2023\/05\/52A5978-350x462.jpeg 350w\" sizes=\"(max-width: 480px) 100vw, 480px\" \/>\t\t\t\t\t\t\t\t\t\t\t\t\t\t\t<\/div>\n\t\t\t\t<\/div>\n\t\t\t\t<\/div>\n\t\t<div class=\"elementor-element elementor-element-9de27ea e-con-full e-flex e-con e-child\" data-id=\"9de27ea\" data-element_type=\"container\" data-e-type=\"container\">\n\t\t\t\t<div class=\"elementor-element elementor-element-c20a8cb elementor-widget elementor-widget-text-editor\" data-id=\"c20a8cb\" data-element_type=\"widget\" data-e-type=\"widget\" data-widget_type=\"text-editor.default\">\n\t\t\t\t<div class=\"elementor-widget-container\">\n\t\t\t\t\t\t\t\t\t<p><strong>Lucie Strecker<\/strong> arbeitet international als K\u00fcnstlerin, Kuratorin und Autorin im Feld der performativen K\u00fcnste. Von 2016 bis 2020 leitete sie das vom FWF gef\u00f6rderte k\u00fcnstlerische Forschungsprojekt &#8220;The Performative Biofact&#8221;.<\/p>\t\t\t\t\t\t\t\t<\/div>\n\t\t\t\t<\/div>\n\t\t\t\t<\/div>\n\t\t\t\t\t<\/div>\n\t\t\t\t<\/div>\n\t\t<div class=\"elementor-element elementor-element-33eac09 e-flex e-con-boxed e-con e-parent\" data-id=\"33eac09\" data-element_type=\"container\" data-e-type=\"container\">\n\t\t\t\t\t<div class=\"e-con-inner\">\n\t\t<div class=\"elementor-element elementor-element-bcbf574 e-con-full e-flex e-con e-child\" data-id=\"bcbf574\" data-element_type=\"container\" data-e-type=\"container\">\n\t\t\t\t<div class=\"elementor-element elementor-element-ca928c4 elementor-widget elementor-widget-image\" data-id=\"ca928c4\" data-element_type=\"widget\" data-e-type=\"widget\" data-widget_type=\"image.default\">\n\t\t\t\t<div class=\"elementor-widget-container\">\n\t\t\t\t\t\t\t\t\t\t\t\t\t\t\t<img loading=\"lazy\" decoding=\"async\" width=\"1024\" height=\"683\" src=\"https:\/\/apl.uni-ak.ac.at\/wp-content\/uploads\/2023\/05\/Nikolaus-Gansterer_Space-in-a-Space-with-the-Traces-of-its-own-Making_2018_a-1024x683.jpg\" class=\"attachment-large size-large wp-image-2381\" alt=\"\" srcset=\"https:\/\/apl.uni-ak.ac.at\/wp-content\/uploads\/2023\/05\/Nikolaus-Gansterer_Space-in-a-Space-with-the-Traces-of-its-own-Making_2018_a-1024x683.jpg 1024w, https:\/\/apl.uni-ak.ac.at\/wp-content\/uploads\/2023\/05\/Nikolaus-Gansterer_Space-in-a-Space-with-the-Traces-of-its-own-Making_2018_a-300x200.jpg 300w, https:\/\/apl.uni-ak.ac.at\/wp-content\/uploads\/2023\/05\/Nikolaus-Gansterer_Space-in-a-Space-with-the-Traces-of-its-own-Making_2018_a-768x512.jpg 768w, https:\/\/apl.uni-ak.ac.at\/wp-content\/uploads\/2023\/05\/Nikolaus-Gansterer_Space-in-a-Space-with-the-Traces-of-its-own-Making_2018_a-1536x1024.jpg 1536w, https:\/\/apl.uni-ak.ac.at\/wp-content\/uploads\/2023\/05\/Nikolaus-Gansterer_Space-in-a-Space-with-the-Traces-of-its-own-Making_2018_a-2048x1366.jpg 2048w, https:\/\/apl.uni-ak.ac.at\/wp-content\/uploads\/2023\/05\/Nikolaus-Gansterer_Space-in-a-Space-with-the-Traces-of-its-own-Making_2018_a-1000x667.jpg 1000w, https:\/\/apl.uni-ak.ac.at\/wp-content\/uploads\/2023\/05\/Nikolaus-Gansterer_Space-in-a-Space-with-the-Traces-of-its-own-Making_2018_a-230x153.jpg 230w, https:\/\/apl.uni-ak.ac.at\/wp-content\/uploads\/2023\/05\/Nikolaus-Gansterer_Space-in-a-Space-with-the-Traces-of-its-own-Making_2018_a-350x233.jpg 350w, https:\/\/apl.uni-ak.ac.at\/wp-content\/uploads\/2023\/05\/Nikolaus-Gansterer_Space-in-a-Space-with-the-Traces-of-its-own-Making_2018_a-480x320.jpg 480w\" sizes=\"(max-width: 1024px) 100vw, 1024px\" \/>\t\t\t\t\t\t\t\t\t\t\t\t\t\t\t<\/div>\n\t\t\t\t<\/div>\n\t\t\t\t<\/div>\n\t\t<div class=\"elementor-element elementor-element-94b7e8a e-con-full e-flex e-con e-child\" data-id=\"94b7e8a\" data-element_type=\"container\" data-e-type=\"container\">\n\t\t\t\t<div class=\"elementor-element elementor-element-ba12aaf elementor-widget elementor-widget-text-editor\" data-id=\"ba12aaf\" data-element_type=\"widget\" data-e-type=\"widget\" data-widget_type=\"text-editor.default\">\n\t\t\t\t<div class=\"elementor-widget-container\">\n\t\t\t\t\t\t\t\t\t<p>As an artist, performer and researcher <strong>Nikolaus Gansterer<\/strong> is deeply interested in the relational field between drawing, thinking and action. His practice is based on a transmedial approach underpinned by a conceptual discourse in the context of performative visualization. He has been teaching at the University of Applied Arts in Vienna since 2007. From 2014 &#8211; 2018 Gansterer was leading the artistic research PEEK-project &#8220;Choreo-graphic Figures: Deviations from the Line&#8221; developing innovative systems of notation between the lines of drawing, writing and choreography. Gansterer is currently leading the PEEK project &#8220;Contingent Agencies&#8221; on experimental mapping of atmospheres and environments.<\/p><p>#walking #expandeddrawing #embodieddiagrams #notation #spaceascontinuum\u00a0<\/p><p><a href=\"http:\/\/www.gansterer.org\" target=\"_blank\" rel=\"noopener\">www.gansterer.org<\/a><\/p>\t\t\t\t\t\t\t\t<\/div>\n\t\t\t\t<\/div>\n\t\t\t\t<\/div>\n\t\t\t\t\t<\/div>\n\t\t\t\t<\/div>\n\t\t<div class=\"elementor-element elementor-element-7edc537 e-flex e-con-boxed e-con e-parent\" data-id=\"7edc537\" data-element_type=\"container\" data-e-type=\"container\">\n\t\t\t\t\t<div class=\"e-con-inner\">\n\t\t<div class=\"elementor-element elementor-element-9983870 e-con-full e-flex e-con e-child\" data-id=\"9983870\" data-element_type=\"container\" data-e-type=\"container\">\n\t\t\t\t<div class=\"elementor-element elementor-element-793cc56 elementor-widget elementor-widget-image\" data-id=\"793cc56\" data-element_type=\"widget\" data-e-type=\"widget\" data-widget_type=\"image.default\">\n\t\t\t\t<div class=\"elementor-widget-container\">\n\t\t\t\t\t\t\t\t\t\t\t\t\t\t\t<img loading=\"lazy\" decoding=\"async\" width=\"300\" height=\"200\" src=\"https:\/\/apl.uni-ak.ac.at\/wp-content\/uploads\/2023\/05\/Bildschirmfoto-2023-05-24-um-09.11.36-300x200.png\" class=\"attachment-medium size-medium wp-image-2383\" alt=\"\" srcset=\"https:\/\/apl.uni-ak.ac.at\/wp-content\/uploads\/2023\/05\/Bildschirmfoto-2023-05-24-um-09.11.36-300x200.png 300w, https:\/\/apl.uni-ak.ac.at\/wp-content\/uploads\/2023\/05\/Bildschirmfoto-2023-05-24-um-09.11.36-1024x682.png 1024w, https:\/\/apl.uni-ak.ac.at\/wp-content\/uploads\/2023\/05\/Bildschirmfoto-2023-05-24-um-09.11.36-768x512.png 768w, https:\/\/apl.uni-ak.ac.at\/wp-content\/uploads\/2023\/05\/Bildschirmfoto-2023-05-24-um-09.11.36-1536x1023.png 1536w, https:\/\/apl.uni-ak.ac.at\/wp-content\/uploads\/2023\/05\/Bildschirmfoto-2023-05-24-um-09.11.36-1000x666.png 1000w, https:\/\/apl.uni-ak.ac.at\/wp-content\/uploads\/2023\/05\/Bildschirmfoto-2023-05-24-um-09.11.36-230x153.png 230w, https:\/\/apl.uni-ak.ac.at\/wp-content\/uploads\/2023\/05\/Bildschirmfoto-2023-05-24-um-09.11.36-350x233.png 350w, https:\/\/apl.uni-ak.ac.at\/wp-content\/uploads\/2023\/05\/Bildschirmfoto-2023-05-24-um-09.11.36-480x320.png 480w, https:\/\/apl.uni-ak.ac.at\/wp-content\/uploads\/2023\/05\/Bildschirmfoto-2023-05-24-um-09.11.36.png 2008w\" sizes=\"(max-width: 300px) 100vw, 300px\" \/>\t\t\t\t\t\t\t\t\t\t\t\t\t\t\t<\/div>\n\t\t\t\t<\/div>\n\t\t\t\t<\/div>\n\t\t<div class=\"elementor-element elementor-element-54b0b12 e-con-full e-flex e-con e-child\" data-id=\"54b0b12\" data-element_type=\"container\" data-e-type=\"container\">\n\t\t\t\t<div class=\"elementor-element elementor-element-9370ccd elementor-widget elementor-widget-text-editor\" data-id=\"9370ccd\" data-element_type=\"widget\" data-e-type=\"widget\" data-widget_type=\"text-editor.default\">\n\t\t\t\t<div class=\"elementor-widget-container\">\n\t\t\t\t\t\t\t\t\t<p><strong>Ricarda Denzer\u2019s<\/strong> cross-media works &#8211; audio-visual research spaces &#8211; combine video, text, photography, audio pieces, drawings, objects, installations, editorial and curatorial work. Her interest is the open narrative form and includes bricolage and composition as visual and acoustic performative act, especially in relation to the human voice. Denzer has taught at the University of Applied Arts Vienna since 2013.\u00a0<\/p><p>Her approach is to convey art in class as collective happening. She is considering space as both a catalyst as well as a framework for thoughts and speculations to simultaneously express a form of situatedness inside and outside of where and how we listen, and of experiencing artistic thinking as sonic act.<\/p><p>Websites:\u00a0<\/p><p><a href=\"http:\/\/ricardadenzer.net\" target=\"_blank\" rel=\"noopener\">http:\/\/ricardadenzer.net<\/a><\/p><p><u><a href=\"https:\/\/www.soundingresearch.net\/\" target=\"_blank\" rel=\"noopener\">https:\/\/www.soundingresearch.net\/<\/a><\/u><\/p>\t\t\t\t\t\t\t\t<\/div>\n\t\t\t\t<\/div>\n\t\t\t\t<\/div>\n\t\t\t\t\t<\/div>\n\t\t\t\t<\/div>\n\t\t<div class=\"elementor-element elementor-element-6387cc9 e-flex e-con-boxed e-con e-parent\" data-id=\"6387cc9\" data-element_type=\"container\" data-e-type=\"container\">\n\t\t\t\t\t<div class=\"e-con-inner\">\n\t\t<div class=\"elementor-element elementor-element-a8b36ef e-con-full e-flex e-con e-child\" data-id=\"a8b36ef\" data-element_type=\"container\" data-e-type=\"container\">\n\t\t\t\t<div class=\"elementor-element elementor-element-b914c1c elementor-widget elementor-widget-image\" data-id=\"b914c1c\" data-element_type=\"widget\" data-e-type=\"widget\" data-widget_type=\"image.default\">\n\t\t\t\t<div class=\"elementor-widget-container\">\n\t\t\t\t\t\t\t\t\t\t\t\t\t\t\t<img loading=\"lazy\" decoding=\"async\" width=\"680\" height=\"1024\" src=\"https:\/\/apl.uni-ak.ac.at\/wp-content\/uploads\/2023\/05\/Bildschirmfoto-2023-05-24-um-09.13.10-680x1024.png\" class=\"attachment-large size-large wp-image-2385\" alt=\"\" srcset=\"https:\/\/apl.uni-ak.ac.at\/wp-content\/uploads\/2023\/05\/Bildschirmfoto-2023-05-24-um-09.13.10-680x1024.png 680w, https:\/\/apl.uni-ak.ac.at\/wp-content\/uploads\/2023\/05\/Bildschirmfoto-2023-05-24-um-09.13.10-199x300.png 199w, https:\/\/apl.uni-ak.ac.at\/wp-content\/uploads\/2023\/05\/Bildschirmfoto-2023-05-24-um-09.13.10-768x1156.png 768w, https:\/\/apl.uni-ak.ac.at\/wp-content\/uploads\/2023\/05\/Bildschirmfoto-2023-05-24-um-09.13.10-230x346.png 230w, https:\/\/apl.uni-ak.ac.at\/wp-content\/uploads\/2023\/05\/Bildschirmfoto-2023-05-24-um-09.13.10-350x527.png 350w, https:\/\/apl.uni-ak.ac.at\/wp-content\/uploads\/2023\/05\/Bildschirmfoto-2023-05-24-um-09.13.10-480x723.png 480w, https:\/\/apl.uni-ak.ac.at\/wp-content\/uploads\/2023\/05\/Bildschirmfoto-2023-05-24-um-09.13.10.png 882w\" sizes=\"(max-width: 680px) 100vw, 680px\" \/>\t\t\t\t\t\t\t\t\t\t\t\t\t\t\t<\/div>\n\t\t\t\t<\/div>\n\t\t\t\t<\/div>\n\t\t<div class=\"elementor-element elementor-element-0b6c5f7 e-con-full e-flex e-con e-child\" data-id=\"0b6c5f7\" data-element_type=\"container\" data-e-type=\"container\">\n\t\t\t\t<div class=\"elementor-element elementor-element-3f8c282 elementor-widget elementor-widget-text-editor\" data-id=\"3f8c282\" data-element_type=\"widget\" data-e-type=\"widget\" data-widget_type=\"text-editor.default\">\n\t\t\t\t<div class=\"elementor-widget-container\">\n\t\t\t\t\t\t\t\t\t<p><strong>Timothy Nouzak<\/strong> ist ein \u00f6sterreichisch-amerikanischer Choreograf und Performance-K\u00fcnstler, dessen Arbeit sich auf die Erforschung von Kollektivit\u00e4t durch erweiterte Formen des kollektiven Zuh\u00f6rens und Empfindens konzentriert. Seine Praktiken, die soziologische, kognitive und k\u00fcnstlerische Elemente \u00ad\u00adverbinden, zielen darauf ab, Wege zu finden, um eine tiefere Verbindung innerhalb von Gruppenprozessen herzustellen. Timothy besitzt einen M.A. in Choreographie und einen postgradualen Master in Cultural Management. Zurzeit besch\u00e4ftigt er sich im Rahmen von IPSD Angewandte und der Tongji University Shanghai mit \u201egrassroots decision-making and feedback culture via expanded scores of embodied team-building\u201c. Gemeinsam mit Charlotta Ruth koordiniert er derzeit das universit\u00e4re Projekt \u201eHow We Ought To Be Together\u201c, das im Rahmen von APL, Hufak und INTRA \u201eArchives in Practice\u201c stattfindet. Das Projekt untersucht Feedback-Methoden, die relationale Pr\u00e4senz und gesellschaftlich engagierte Praxis verbinden.\u00a0<\/p><p>Timothy ist assoziiertes Mitglied der APL-Antenna\u00a0<em>Research &amp; Teaching.<\/em><\/p>\t\t\t\t\t\t\t\t<\/div>\n\t\t\t\t<\/div>\n\t\t\t\t<\/div>\n\t\t\t\t\t<\/div>\n\t\t\t\t<\/div>\n\t\t\t\t<\/div>\n\t\t","protected":false},"excerpt":{"rendered":"<p>The APL was developed by a group of performance artists associated with the University of Applied Arts. The members of the current [&hellip;]<\/p>\n","protected":false},"author":1,"featured_media":0,"parent":74,"menu_order":2,"comment_status":"closed","ping_status":"closed","template":"","meta":{"footnotes":""},"class_list":["post-2368","page","type-page","status-publish","hentry"],"_links":{"self":[{"href":"https:\/\/apl.uni-ak.ac.at\/index.php\/wp-json\/wp\/v2\/pages\/2368","targetHints":{"allow":["GET"]}}],"collection":[{"href":"https:\/\/apl.uni-ak.ac.at\/index.php\/wp-json\/wp\/v2\/pages"}],"about":[{"href":"https:\/\/apl.uni-ak.ac.at\/index.php\/wp-json\/wp\/v2\/types\/page"}],"author":[{"embeddable":true,"href":"https:\/\/apl.uni-ak.ac.at\/index.php\/wp-json\/wp\/v2\/users\/1"}],"replies":[{"embeddable":true,"href":"https:\/\/apl.uni-ak.ac.at\/index.php\/wp-json\/wp\/v2\/comments?post=2368"}],"version-history":[{"count":30,"href":"https:\/\/apl.uni-ak.ac.at\/index.php\/wp-json\/wp\/v2\/pages\/2368\/revisions"}],"predecessor-version":[{"id":3510,"href":"https:\/\/apl.uni-ak.ac.at\/index.php\/wp-json\/wp\/v2\/pages\/2368\/revisions\/3510"}],"up":[{"embeddable":true,"href":"https:\/\/apl.uni-ak.ac.at\/index.php\/wp-json\/wp\/v2\/pages\/74"}],"wp:attachment":[{"href":"https:\/\/apl.uni-ak.ac.at\/index.php\/wp-json\/wp\/v2\/media?parent=2368"}],"curies":[{"name":"wp","href":"https:\/\/api.w.org\/{rel}","templated":true}]}}