{"id":2397,"date":"2023-05-24T07:21:27","date_gmt":"2023-05-24T07:21:27","guid":{"rendered":"https:\/\/apl.uni-ak.ac.at\/?page_id=2397"},"modified":"2025-02-25T12:45:39","modified_gmt":"2025-02-25T12:45:39","slug":"senior-artists","status":"publish","type":"page","link":"https:\/\/apl.uni-ak.ac.at\/index.php\/senior-artists\/","title":{"rendered":"Senior Artists"},"content":{"rendered":"\t\t<div data-elementor-type=\"wp-page\" data-elementor-id=\"2397\" class=\"elementor elementor-2397\">\n\t\t\t\t<div class=\"elementor-element elementor-element-e4d8c60 e-flex e-con-boxed e-con e-parent\" data-id=\"e4d8c60\" data-element_type=\"container\" data-e-type=\"container\">\n\t\t\t\t\t<div class=\"e-con-inner\">\n\t\t\t\t<div class=\"elementor-element elementor-element-2507ee6 elementor-widget elementor-widget-text-editor\" data-id=\"2507ee6\" data-element_type=\"widget\" data-e-type=\"widget\" data-widget_type=\"text-editor.default\">\n\t\t\t\t<div class=\"elementor-widget-container\">\n\t\t\t\t\t\t\t\t\t<p><em>The APL was developed by a group of performance artists associated with the University of Applied Arts. <br \/><\/em><\/p><p><em>The members of the current developing group are Ricarda Denzer, Nikolaus Gansterer, Asher O\u2019Gorman, Mariella Greil, Peter Kozek, Daria Lytvynenko, Timothy Nouzak, Jianan Qu, Barbis Ruder, Charlotta Ruth, Jasmin Schaitl, Lucie Strecker.<\/em><\/p><p><em>Currently, Mariella Greil, Peter Kozek and Charlotta Ruth are the Senior Artists in the APL and are leaders of their corresponding working circles (See <a href=\"https:\/\/apl.uni-ak.ac.at\/index.php\/organisation\/\">Organisation<\/a>).<\/em><\/p>\t\t\t\t\t\t\t\t<\/div>\n\t\t\t\t<\/div>\n\t\t\t\t\t<\/div>\n\t\t\t\t<\/div>\n\t\t<div class=\"elementor-element elementor-element-508076f e-flex e-con-boxed e-con e-parent\" data-id=\"508076f\" data-element_type=\"container\" data-e-type=\"container\">\n\t\t\t\t\t<div class=\"e-con-inner\">\n\t\t<div class=\"elementor-element elementor-element-46061a7 e-con-full e-flex e-con e-child\" data-id=\"46061a7\" data-element_type=\"container\" data-e-type=\"container\">\n\t\t\t\t<div class=\"elementor-element elementor-element-e17ff59 elementor-widget elementor-widget-image\" data-id=\"e17ff59\" data-element_type=\"widget\" data-e-type=\"widget\" data-widget_type=\"image.default\">\n\t\t\t\t<div class=\"elementor-widget-container\">\n\t\t\t\t\t\t\t\t\t\t\t\t\t\t\t<img fetchpriority=\"high\" decoding=\"async\" width=\"808\" height=\"1024\" src=\"https:\/\/apl.uni-ak.ac.at\/wp-content\/uploads\/2023\/05\/Mariella-Greil_Portrait_1800x2280-808x1024.jpg\" class=\"attachment-large size-large wp-image-2399\" alt=\"\" srcset=\"https:\/\/apl.uni-ak.ac.at\/wp-content\/uploads\/2023\/05\/Mariella-Greil_Portrait_1800x2280-808x1024.jpg 808w, https:\/\/apl.uni-ak.ac.at\/wp-content\/uploads\/2023\/05\/Mariella-Greil_Portrait_1800x2280-237x300.jpg 237w, https:\/\/apl.uni-ak.ac.at\/wp-content\/uploads\/2023\/05\/Mariella-Greil_Portrait_1800x2280-768x973.jpg 768w, https:\/\/apl.uni-ak.ac.at\/wp-content\/uploads\/2023\/05\/Mariella-Greil_Portrait_1800x2280-1213x1536.jpg 1213w, https:\/\/apl.uni-ak.ac.at\/wp-content\/uploads\/2023\/05\/Mariella-Greil_Portrait_1800x2280-1617x2048.jpg 1617w, https:\/\/apl.uni-ak.ac.at\/wp-content\/uploads\/2023\/05\/Mariella-Greil_Portrait_1800x2280-1000x1267.jpg 1000w, https:\/\/apl.uni-ak.ac.at\/wp-content\/uploads\/2023\/05\/Mariella-Greil_Portrait_1800x2280-230x291.jpg 230w, https:\/\/apl.uni-ak.ac.at\/wp-content\/uploads\/2023\/05\/Mariella-Greil_Portrait_1800x2280-350x443.jpg 350w, https:\/\/apl.uni-ak.ac.at\/wp-content\/uploads\/2023\/05\/Mariella-Greil_Portrait_1800x2280-480x608.jpg 480w, https:\/\/apl.uni-ak.ac.at\/wp-content\/uploads\/2023\/05\/Mariella-Greil_Portrait_1800x2280.jpg 1800w\" sizes=\"(max-width: 808px) 100vw, 808px\" \/>\t\t\t\t\t\t\t\t\t\t\t\t\t\t\t<\/div>\n\t\t\t\t<\/div>\n\t\t\t\t<\/div>\n\t\t<div class=\"elementor-element elementor-element-741c5e2 e-con-full e-flex e-con e-child\" data-id=\"741c5e2\" data-element_type=\"container\" data-e-type=\"container\">\n\t\t\t\t<div class=\"elementor-element elementor-element-102fc26 elementor-widget elementor-widget-text-editor\" data-id=\"102fc26\" data-element_type=\"widget\" data-e-type=\"widget\" data-widget_type=\"text-editor.default\">\n\t\t\t\t<div class=\"elementor-widget-container\">\n\t\t\t\t\t\t\t\t\t<p><strong>Mariella Greil <\/strong>(PhD) ist im Feld der k\u00fcnstlerischen Forschung auf zeitgen\u00f6ssische Performance fokussiert, insbesondere auf deren Ver\u00e4stelungen hinein ins Choreografische und Ethische. Zurzeit arbeitet sie an ihrer Habilitation <em>Choreo-ethical Assemblages &#8211; Narrations of Bare Bodies<\/em> (Elise-Richter-PEEK) an der Angewandten. Ihre Arbeit erforscht eine politisierte Praxis, die auf trans-subjektive, kommunikative Prozesse abzielt und performative Begegnungen erm\u00f6glicht. Indem sie erweiterte Choreographie und somatische Praktiken als kompositorische Werkzeuge einsetzt, ist es ihr Interesse, jene \u00dcbergangszonen zu kultivieren, wo eine Lebenspraxis des Experimentierens in Bewegung kommt, befragt und zukunftsf\u00e4hig wird. Sie stellt sich die Frage, wie \u00dcberg\u00e4nge zwischen Materie und K\u00f6rper als trans-subjektiver Raum entstehen und Pr\u00e4senzen verhandelt werden. Das Wahrnehmen somatisch-kin\u00e4sthetischer Prozesse transdisziplin\u00e4rer Begegnungsfelder wird vertieft und zum performativen Ausgangspunkt.<\/p><p>Zusammen mit Vera Sander war sie Mitherausgeberin des Buches <em>(per)forming feedback<\/em> (2016) und zusammen mit Emma Cocker und Nikolaus Gansterer von <em>Choreo-Graphic Figures: Deviations from the Line<\/em> (2017). Sie ver\u00f6ffentlichte die Monographie <em>Being in Contact \u2013 Encountering a Bare Body<\/em> (2021) und vor kurzem die Anthologie <em>Bare Bodies &#8211; Thresholding Life<\/em> (2024).<\/p><p><strong>Forschung<\/strong><\/p><p>Von 2009 bis 2013 war sie Associate Researcher im AHRC-Forschungsprojekt <em>Performance Matters <\/em>(unterst\u00fctzt vom Arts and Humanities Research Council) in London.<\/p><p>Mariella Greil war k\u00fcnstlerische Beraterin f\u00fcr die Konzeption der <em>5. Biennale Tanzausbildung<\/em> 2016 in K\u00f6ln und hat zusammen mit Prof. Vera Sander das Buch <em>(per)forming feedback<\/em> (2016) herausgegeben.<\/p><p>2014-2017 war sie Key-Researcher im FWF\/PEEK-Projekt <em>Choreo-graphic Figures: Deviations from the Line<\/em>, und gab das gleichnamige Buch (2017) zusammen mit Emma Cocker und Nikolaus Gansterer heraus.<\/p><p>2021 ist die Monografie <em>Being in Contact &#8211; Encountering a Bare Body<\/em> im de Gruyter Verlag erschienen.<\/p><p>Bis Juni 2023 leitete sie das INTRA-Projekt <em>Passenger Diaries<\/em> mit KT Zakravsky und Lucie Strecker, und fungiert als Dialogpartnerin f\u00fcr das INTRA-Projekt <em>Withdrawing the Performer<\/em> unter der Leitung von Charlotta Ruth und Jasmin Schaitl.<\/p><p>Seit Herbst 2023 ist sie Key Researcher im FWF\/PEEK Projekt <em>Shaken Grounds: Seismography of Precarious Presences.\u00a0<\/em><\/p><p><strong>Auszeichnungen und berufliche Netzwerke<\/strong><\/p><p>Im Jahr 2019 wurde sie zusammen mit Emma Cocker, Nikolaus Gansterer und Simona Koch von der Society for Artistic Research mit dem SAR RC Prize for Best Exposition f\u00fcr <em>Choreo-graphic Figures: Scoring Aesthetic Encounters <\/em>ausgezeichnet <a href=\"https:\/\/www.researchcatalogue.net\/view\/462390\/462391\">https:\/\/www.researchcatalogue.net\/view\/462390\/462391<\/a>).<\/p><p>Greil erhielt zweimal das <em>Danceweb Europe Scholarship<\/em> (Impulstanz Festival, 2006 &amp; 2007), und wurde 2008 und 2011 mit dem <em>Stipendium f\u00fcr Tanz<\/em> des \u00f6sterreichischen Bundesministeriums f\u00fcr Unterricht, Kunst und Kultur ausgezeichnet. Seit 2006 ist sie Teil der internationalen K\u00fcnstlerinitiative <em>SweetandtenderCollaborations<\/em>. 2008-2010 war sie aktives Mitglied der Steuerungsgruppe des SoundNetwork (Northwest in UK) und des <em>Center for Practice as Research<\/em> an der Chester University. 2001-06 und seit 2011 bis heute ist sie Teil des K\u00fcnstlerkollektivs ttp\/WUK (Tanz-Theater-Performance) in Wien und tr\u00e4gt regelm\u00e4\u00dfig zu Forschung und Training der <em>somatic extasy group<\/em> (mit Sabina Holzer, Kerstin Kussmaul, Ria Probst, Sylvia Scheidl u.a.) bei.<\/p>\t\t\t\t\t\t\t\t<\/div>\n\t\t\t\t<\/div>\n\t\t\t\t<\/div>\n\t\t\t\t\t<\/div>\n\t\t\t\t<\/div>\n\t\t<div class=\"elementor-element elementor-element-6b15c9c e-flex e-con-boxed e-con e-parent\" data-id=\"6b15c9c\" data-element_type=\"container\" data-e-type=\"container\">\n\t\t\t\t\t<div class=\"e-con-inner\">\n\t\t<div class=\"elementor-element elementor-element-0686b6e e-con-full e-flex e-con e-child\" data-id=\"0686b6e\" data-element_type=\"container\" data-e-type=\"container\">\n\t\t\t\t<div class=\"elementor-element elementor-element-5a71c92 elementor-widget elementor-widget-image\" data-id=\"5a71c92\" data-element_type=\"widget\" data-e-type=\"widget\" data-widget_type=\"image.default\">\n\t\t\t\t<div class=\"elementor-widget-container\">\n\t\t\t\t\t\t\t\t\t\t\t\t\t\t\t<img decoding=\"async\" width=\"1024\" height=\"696\" src=\"https:\/\/apl.uni-ak.ac.at\/wp-content\/uploads\/2023\/05\/xWohnungen-1024x696.jpg\" class=\"attachment-large size-large wp-image-2400\" alt=\"\" srcset=\"https:\/\/apl.uni-ak.ac.at\/wp-content\/uploads\/2023\/05\/xWohnungen-1024x696.jpg 1024w, https:\/\/apl.uni-ak.ac.at\/wp-content\/uploads\/2023\/05\/xWohnungen-300x204.jpg 300w, https:\/\/apl.uni-ak.ac.at\/wp-content\/uploads\/2023\/05\/xWohnungen-768x522.jpg 768w, https:\/\/apl.uni-ak.ac.at\/wp-content\/uploads\/2023\/05\/xWohnungen-1536x1044.jpg 1536w, https:\/\/apl.uni-ak.ac.at\/wp-content\/uploads\/2023\/05\/xWohnungen-1000x679.jpg 1000w, https:\/\/apl.uni-ak.ac.at\/wp-content\/uploads\/2023\/05\/xWohnungen-230x156.jpg 230w, https:\/\/apl.uni-ak.ac.at\/wp-content\/uploads\/2023\/05\/xWohnungen-350x238.jpg 350w, https:\/\/apl.uni-ak.ac.at\/wp-content\/uploads\/2023\/05\/xWohnungen-480x326.jpg 480w, https:\/\/apl.uni-ak.ac.at\/wp-content\/uploads\/2023\/05\/xWohnungen.jpg 1772w\" sizes=\"(max-width: 1024px) 100vw, 1024px\" \/>\t\t\t\t\t\t\t\t\t\t\t\t\t\t\t<\/div>\n\t\t\t\t<\/div>\n\t\t\t\t<div class=\"elementor-element elementor-element-0c8d60e elementor-widget elementor-widget-text-editor\" data-id=\"0c8d60e\" data-element_type=\"widget\" data-e-type=\"widget\" data-widget_type=\"text-editor.default\">\n\t\t\t\t<div class=\"elementor-widget-container\">\n\t\t\t\t\t\t\t\t\t<p><em>kozek h\u00f6rlonski, X Wohnungen, 16. Internationale Schillertage Nationaltheater, Mannheim, Foto: Manuel Reinartz, 2011<\/em><\/p>\t\t\t\t\t\t\t\t<\/div>\n\t\t\t\t<\/div>\n\t\t\t\t<\/div>\n\t\t<div class=\"elementor-element elementor-element-ba009fa e-con-full e-flex e-con e-child\" data-id=\"ba009fa\" data-element_type=\"container\" data-e-type=\"container\">\n\t\t\t\t<div class=\"elementor-element elementor-element-e17b2e8 elementor-widget elementor-widget-text-editor\" data-id=\"e17b2e8\" data-element_type=\"widget\" data-e-type=\"widget\" data-widget_type=\"text-editor.default\">\n\t\t\t\t<div class=\"elementor-widget-container\">\n\t\t\t\t\t\t\t\t\t<p><strong>Peter Kozek<\/strong>, (*1972 in Baden bei Wien), ist bildender K\u00fcnstler und vorrangig in den Bereichen Performance, Installation, Video bzw. Film, Zeichnung und \u00f6ffentlicher Raum t\u00e4tig. Er studierte von 1995 bis 1998 klassischen Gesang bei Annet Za\u00efre und von 1998 bis 2202 Medien\u00fcbergreifende Kunst bei Brigitte Kowanz an der Universit\u00e4t f\u00fcr Angewandte Kunst Wien.<\/p><p>Seit 2003 arbeitet er u.a. mit Thomas H\u00f6rl als K\u00fcnstlerduo zusammen. Er hat solo und\u00a0gemeinsam mit T.H. zahlreiche Performances, Rauminstallationen und Ausstellungen im In- und Ausland realisiert, etwa im mumok, Wien (AT), in der Power Station of Art, Shanghai (CHN), beim steirischen herbst, Graz (AT) oder bei den Schillertagen im Nationaltheater Mannheim, (D). 2017 realisierte Peter Kozek ein Mahnmal f\u00fcr die Opfer des Nationalsozialismus in Baden (AT).<\/p><p><strong>APL<br \/><\/strong><\/p><p>Seit 2019 ist er am Aufbau das Angewandte Performance Lab beteiligt wo er seit 2021 als Senior Artist t\u00e4tig ist. Er ist verantwortlich f\u00fcr die Leitung des APL-Motherboard, des APL-Super Circle (in Entwicklung) und des tempor\u00e4ren APL-Soziokratie-Implementierungskreises. Seit 2021 hat er im APL den Lehrauftrag f\u00fcr <em>Performance und Raum<\/em> inne.<\/p><p><strong>ANGEWANDTE<\/strong><\/p><p>Von 2006 bis 2021 Universit\u00e4tsassistent und Lehrbeauftragter f\u00fcr Performance in der Transmedialen Kunst I Prof. Brigitte Kowanz.<\/p><p><strong>PUBLIKATIONEN <\/strong>(Auswahl)<\/p><ul><li>2008\u00a0 <em>Raumzeitpunkte sind Ereignisse<\/em>, Universit\u00e4t f\u00fcr Angewandte Kunst, Hrsg. Brigitte Kowanz, Peter Kozek<\/li><li>2008\u00a0 <em>kozek I kissed you in the water<\/em>, Monographie, gugler forum Melk, Hrsg. kozek h\u00f6rlon ski<\/li><li>2013<em> crisscross oder Langzeitstabilit\u00e4t<\/em> durch regelm\u00e4\u00dfige Nullpunkteinstellung, Monographie, SCHLEBR\u00dcGGE.EDITOR, Hrsg. kozek h\u00f6rlosnki<\/li><li>2020<em>Transmedia Art: lightness and matter<\/em>, De Gruyter, Hrsg. Brigitte Kowanz, Peter Kozek<\/li><\/ul><p><strong>PREISE, RESIDENCIES \u00a0<\/strong>(Auswahl)<\/p><ul><li>2021<em> Preis der Stadt Wien f\u00fcr Bildende Kunst<\/em>, gemeinsam mit Thomas H\u00f6rl<\/li><li>2014\u00a0 <em>Kulturpreis des Landes Nieder\u00f6sterreich<\/em><\/li><li>2010\u00a0 <em>outstanding artist award des BMUKK<\/em>, gemeinsam mit Thomas H\u00f6rl<\/li><li>2009<em> H13 Kunstpreis f\u00fcr Performance des Landes<\/em> <em>Nieder\u00f6sterreich<\/em>, gemeinsam mit Thomas H\u00f6rl<\/li><li>2002\u00a0 <em>Preis der Kunsthalle Wien<\/em><\/li><\/ul><p>Artist in Residence u.a.:<\/p><ul><li>2014\u00a0 in Tokyo (JP), gemeinsam mit Thomas H\u00f6rl<\/li><li>2013 in Frankfurt (D), gemeinsam mit Thomas H\u00f6rl<\/li><li>2004 in Paliano (I)<\/li><li>2002 in London (UK)<\/li><\/ul><p><strong>KURATORISCHE- UND JURYT\u00c4TIGKEIT<\/strong> (Auswahl)<\/p><ul><li>2019-2022 Jurymitglied K.i.\u00f6.R N\u00d6<\/li><li>2018 <em>Trust*us<\/em>, gemeinsam mit K. Fisslthaler, Th. H\u00f6rl, L. Nsiah, f\u00fcnfzigzwanzig, Salzburg, (A)<\/li><li>2017 <em>elastic collisions, <\/em>Kunsthalle Exnergasse, Wien, A<\/li><li>2017<em> lightness and matter \/ matter and lightness<\/em>, gemeinsam mit Brigitte Kowanz, Kunstraum Niederoesterreich, Wien<\/li><li>2015 <em>spot on me, <\/em>Kunstraum Niederoesterreich, Wien, A<\/li><li>2014 <em>sculpture me, <\/em>Kunstraum Niederoesterreich, Wien, A<\/li><li>2014<em> OPEN<\/em>, MUMOK Hofstallungen, Wien, A<\/li><li>2012 <em>PANik5 \u2013 Performance als Augenblick <\/em>im Kunstraum Niederoesterreich, Wien, A, gemeinsam mit Thomas H\u00f6rl \u00a0\u00a0\u00a0\u00a0\u00a0\u00a0\u00a0\u00a0\u00a0\u00a0\u00a0\u00a0\u00a0\u00a0\u00a0\u00a0<\/li><\/ul><p><a href=\"http:\/\/www.kozek-hoerlonski.com\">www.kozek-hoerlonski.com<\/a><\/p><p><a href=\"http:\/\/www.peterkozek.com\">www.peterkozek.com<\/a><\/p>\t\t\t\t\t\t\t\t<\/div>\n\t\t\t\t<\/div>\n\t\t\t\t<\/div>\n\t\t\t\t\t<\/div>\n\t\t\t\t<\/div>\n\t\t\t\t<\/div>\n\t\t","protected":false},"excerpt":{"rendered":"<p>The APL was developed by a group of performance artists associated with the University of Applied Arts. The members of the current [&hellip;]<\/p>\n","protected":false},"author":1,"featured_media":0,"parent":0,"menu_order":0,"comment_status":"closed","ping_status":"closed","template":"","meta":{"footnotes":""},"class_list":["post-2397","page","type-page","status-publish","hentry"],"_links":{"self":[{"href":"https:\/\/apl.uni-ak.ac.at\/index.php\/wp-json\/wp\/v2\/pages\/2397","targetHints":{"allow":["GET"]}}],"collection":[{"href":"https:\/\/apl.uni-ak.ac.at\/index.php\/wp-json\/wp\/v2\/pages"}],"about":[{"href":"https:\/\/apl.uni-ak.ac.at\/index.php\/wp-json\/wp\/v2\/types\/page"}],"author":[{"embeddable":true,"href":"https:\/\/apl.uni-ak.ac.at\/index.php\/wp-json\/wp\/v2\/users\/1"}],"replies":[{"embeddable":true,"href":"https:\/\/apl.uni-ak.ac.at\/index.php\/wp-json\/wp\/v2\/comments?post=2397"}],"version-history":[{"count":49,"href":"https:\/\/apl.uni-ak.ac.at\/index.php\/wp-json\/wp\/v2\/pages\/2397\/revisions"}],"predecessor-version":[{"id":3449,"href":"https:\/\/apl.uni-ak.ac.at\/index.php\/wp-json\/wp\/v2\/pages\/2397\/revisions\/3449"}],"wp:attachment":[{"href":"https:\/\/apl.uni-ak.ac.at\/index.php\/wp-json\/wp\/v2\/media?parent=2397"}],"curies":[{"name":"wp","href":"https:\/\/api.w.org\/{rel}","templated":true}]}}