{"id":73,"date":"2019-11-09T10:59:13","date_gmt":"2019-11-09T10:59:13","guid":{"rendered":"https:\/\/apl.uni-ak.ac.at\/?page_id=73"},"modified":"2020-09-26T11:55:59","modified_gmt":"2020-09-26T11:55:59","slug":"home","status":"publish","type":"page","link":"https:\/\/apl.uni-ak.ac.at\/index.php\/apl-in-summer-semester-2021\/apl-in-wintersemester-2020-2021\/home\/","title":{"rendered":"APL in Summer Semester 2020"},"content":{"rendered":"\t\t<div data-elementor-type=\"wp-page\" data-elementor-id=\"73\" class=\"elementor elementor-73\">\n\t\t\t\t\t\t<section class=\"elementor-section elementor-top-section elementor-element elementor-element-88c418b elementor-section-boxed elementor-section-height-default elementor-section-height-default\" data-id=\"88c418b\" data-element_type=\"section\" data-e-type=\"section\">\n\t\t\t\t\t\t<div class=\"elementor-container elementor-column-gap-default\">\n\t\t\t\t\t<div class=\"elementor-column elementor-col-100 elementor-top-column elementor-element elementor-element-018f4df\" data-id=\"018f4df\" data-element_type=\"column\" data-e-type=\"column\">\n\t\t\t<div class=\"elementor-widget-wrap elementor-element-populated\">\n\t\t\t\t\t\t<div class=\"elementor-element elementor-element-18f375c elementor-widget elementor-widget-heading\" data-id=\"18f375c\" data-element_type=\"widget\" data-e-type=\"widget\" data-widget_type=\"heading.default\">\n\t\t\t\t<div class=\"elementor-widget-container\">\n\t\t\t\t\t<h1 class=\"elementor-heading-title elementor-size-default\">Spot on:<\/h1>\t\t\t\t<\/div>\n\t\t\t\t<\/div>\n\t\t\t\t\t<\/div>\n\t\t<\/div>\n\t\t\t\t\t<\/div>\n\t\t<\/section>\n\t\t\t\t<section class=\"elementor-section elementor-top-section elementor-element elementor-element-979ed24 elementor-section-boxed elementor-section-height-default elementor-section-height-default\" data-id=\"979ed24\" data-element_type=\"section\" data-e-type=\"section\">\n\t\t\t\t\t\t<div class=\"elementor-container elementor-column-gap-default\">\n\t\t\t\t\t<div class=\"elementor-column elementor-col-100 elementor-top-column elementor-element elementor-element-8063ee7\" data-id=\"8063ee7\" data-element_type=\"column\" data-e-type=\"column\">\n\t\t\t<div class=\"elementor-widget-wrap elementor-element-populated\">\n\t\t\t\t\t\t<div class=\"elementor-element elementor-element-98a2f87 elementor-invisible elementor-widget elementor-widget-heading\" data-id=\"98a2f87\" data-element_type=\"widget\" data-e-type=\"widget\" data-settings=\"{&quot;_animation&quot;:&quot;bounceInRight&quot;}\" data-widget_type=\"heading.default\">\n\t\t\t\t<div class=\"elementor-widget-container\">\n\t\t\t\t\t<h2 class=\"elementor-heading-title elementor-size-large\"><a href=\"https:\/\/apl.uni-ak.ac.at\/index.php\/apl-angewandte-festival\/\">Performances at Angewandte Festival<\/a><\/h2>\t\t\t\t<\/div>\n\t\t\t\t<\/div>\n\t\t\t\t<div class=\"elementor-element elementor-element-ec30eea elementor-widget elementor-widget-text-editor\" data-id=\"ec30eea\" data-element_type=\"widget\" data-e-type=\"widget\" data-widget_type=\"text-editor.default\">\n\t\t\t\t<div class=\"elementor-widget-container\">\n\t\t\t\t\t\t\t\t\t<p>Das APL empfiehlt <a href=\"https:\/\/apl.uni-ak.ac.at\/index.php\/apl-angewandte-festival\/\">folgende performative Projekte<\/a> am <a href=\"https:\/\/angewandtefestival.at\/\" target=\"_blank\" rel=\"noopener\">Angewandte Festival<\/a>.<\/p><p>Dar\u00fcber hinaus bieten wir unter 01 711 333 333 eine 24 h Hotline f\u00fcr Performermende und Zusehende, um sich \u00fcber die Arbeit oder das gesehene auszutauschen.<\/p>\t\t\t\t\t\t\t\t<\/div>\n\t\t\t\t<\/div>\n\t\t\t\t<div class=\"elementor-element elementor-element-7973935 elementor-widget-divider--view-line elementor-widget elementor-widget-divider\" data-id=\"7973935\" data-element_type=\"widget\" data-e-type=\"widget\" data-widget_type=\"divider.default\">\n\t\t\t\t<div class=\"elementor-widget-container\">\n\t\t\t\t\t\t\t<div class=\"elementor-divider\">\n\t\t\t<span class=\"elementor-divider-separator\">\n\t\t\t\t\t\t<\/span>\n\t\t<\/div>\n\t\t\t\t\t\t<\/div>\n\t\t\t\t<\/div>\n\t\t\t\t<div class=\"elementor-element elementor-element-e6e93db elementor-widget elementor-widget-text-editor\" data-id=\"e6e93db\" data-element_type=\"widget\" data-e-type=\"widget\" data-widget_type=\"text-editor.default\">\n\t\t\t\t<div class=\"elementor-widget-container\">\n\t\t\t\t\t\t\t\t\t<p><em>The APL recommends the following <\/em><em><em><a href=\"https:\/\/apl.uni-ak.ac.at\/index.php\/apl-angewandte-festival\/\">Performance Projects <\/a><\/em>at the <a href=\"https:\/\/angewandtefestival.at\/\">Angewandte Festival.<\/a><\/em><\/p><p><em>Moreover, we offer a Hotline service to those performing and those who want to discuss performances at our 24 hour hotline 01 711 333 333.<\/em><\/p>\t\t\t\t\t\t\t\t<\/div>\n\t\t\t\t<\/div>\n\t\t\t\t<div class=\"elementor-element elementor-element-bbc074a elementor-widget-divider--view-line elementor-widget elementor-widget-divider\" data-id=\"bbc074a\" data-element_type=\"widget\" data-e-type=\"widget\" data-widget_type=\"divider.default\">\n\t\t\t\t<div class=\"elementor-widget-container\">\n\t\t\t\t\t\t\t<div class=\"elementor-divider\">\n\t\t\t<span class=\"elementor-divider-separator\">\n\t\t\t\t\t\t<\/span>\n\t\t<\/div>\n\t\t\t\t\t\t<\/div>\n\t\t\t\t<\/div>\n\t\t\t\t<div class=\"elementor-element elementor-element-30a5fec elementor-widget elementor-widget-heading\" data-id=\"30a5fec\" data-element_type=\"widget\" data-e-type=\"widget\" data-widget_type=\"heading.default\">\n\t\t\t\t<div class=\"elementor-widget-container\">\n\t\t\t\t\t<h2 class=\"elementor-heading-title elementor-size-default\">01 711 333 333<\/h2>\t\t\t\t<\/div>\n\t\t\t\t<\/div>\n\t\t\t\t<div class=\"elementor-element elementor-element-fb05e89 elementor-widget elementor-widget-heading\" data-id=\"fb05e89\" data-element_type=\"widget\" data-e-type=\"widget\" data-widget_type=\"heading.default\">\n\t\t\t\t<div class=\"elementor-widget-container\">\n\t\t\t\t\t<h5 class=\"elementor-heading-title elementor-size-default\">The APL Performance Hotline<\/h5>\t\t\t\t<\/div>\n\t\t\t\t<\/div>\n\t\t\t\t<div class=\"elementor-element elementor-element-0691700 elementor-widget elementor-widget-video\" data-id=\"0691700\" data-element_type=\"widget\" data-e-type=\"widget\" data-settings=\"{&quot;video_type&quot;:&quot;vimeo&quot;}\" data-widget_type=\"video.default\">\n\t\t\t\t<div class=\"elementor-widget-container\">\n\t\t\t\t\t\t\t<div class=\"elementor-wrapper elementor-open-inline\">\n\t\t\t<iframe class=\"elementor-video-iframe\" allowfullscreen allow=\"clipboard-write\" title=\"vimeo Video Player\" src=\"https:\/\/player.vimeo.com\/video\/430363818?color&amp;autopause=0&amp;loop=0&amp;muted=0&amp;title=1&amp;portrait=0&amp;byline=0#t=\"><\/iframe>\t\t<\/div>\n\t\t\t\t\t\t<\/div>\n\t\t\t\t<\/div>\n\t\t\t\t<div class=\"elementor-element elementor-element-edb01a4 elementor-widget-divider--view-line elementor-widget elementor-widget-divider\" data-id=\"edb01a4\" data-element_type=\"widget\" data-e-type=\"widget\" data-widget_type=\"divider.default\">\n\t\t\t\t<div class=\"elementor-widget-container\">\n\t\t\t\t\t\t\t<div class=\"elementor-divider\">\n\t\t\t<span class=\"elementor-divider-separator\">\n\t\t\t\t\t\t<\/span>\n\t\t<\/div>\n\t\t\t\t\t\t<\/div>\n\t\t\t\t<\/div>\n\t\t\t\t<div class=\"elementor-element elementor-element-cac919d elementor-widget elementor-widget-text-editor\" data-id=\"cac919d\" data-element_type=\"widget\" data-e-type=\"widget\" data-widget_type=\"text-editor.default\">\n\t\t\t\t<div class=\"elementor-widget-container\">\n\t\t\t\t\t\t\t\t\t<h2 style=\"text-align: center;\">Das APL im alternate.mode<\/h2><p>Durch die lange Dauer der Isolation \u00ad haben sich f\u00fcr viele von uns Selbst- und Fremdwahrnehmung ver\u00e4ndert. Es gibt neue Codes, wie man sich aufeinander bezieht, was man tr\u00e4gt und wie man sich verh\u00e4lt. Versammlungen und andere Grundrechte sind eingeschr\u00e4nkt. Jede Woche erhalten wir neue performative Anweisungen von unserer Regierung und unseren Mitmenschen. Wir gestalten unser \u00f6ffentliches und privates Leben entsprechend einer neuen, sich jedoch st\u00e4ndig \u00e4ndernden Situation.<\/p><p>Jede Krise \u2013 so wie auch diese &#8211; ist Ausl\u00f6ser f\u00fcr Interpretationen. Das APL repr\u00e4sentiert eine Vielzahl von k\u00fcnstlerischen Positionen. W\u00e4hrend wir gezwungen sind, physische Distanzierung zu \u00fcben, hat jede und jeder der im APL vertretenen K\u00fcnstlerinnen und K\u00fcnstler, sowie Theoretiker und Theoretikerinnen ein anderes Verst\u00e4ndnis von Co-Pr\u00e4senz als Voraussetzung f\u00fcr Performativit\u00e4t und Performancekunst.<\/p><p>Als Reaktion auf Covid-19 hat das Angewandte Performance Laboratory sein Programm bis zur der Wiederer\u00f6ffnung der Universit\u00e4tsgeb\u00e4ude neu ausgerichtet. Unser aktualisiertes Online-Programm umfasst folgende Themen und Ans\u00e4tze:<\/p><ul><li>Alle angek\u00fcndigten <strong><a href=\"https:\/\/apl.uni-ak.ac.at\/index.php\/associated-courses\/\">APL anverwandten Kurse<\/a><\/strong> finden in diesem Sommersemester statt. Angewandte Lehrende mit einem starken Fokus auf performative Formate pr\u00e4sentieren ihre Angebote gemeinsam auf der APL Plattform, um Sichtbarkeit zu verbessern. Alle diese Semesterkurse finden \u00fcber Teletechnologien im alternate.mode statt. Sie beinhalten aber auch Erfahrungen mit dem realen physischen Raum in Bezug auf performative Praktiken. Weitere Informationen zu den einzelnen Kursen finden sich auf der base.<\/li><li>Ein neues<strong> <a href=\"https:\/\/apl.uni-ak.ac.at\/index.php\/performance-coaching\/\">APL Performance Coaching<\/a><\/strong> wird gestartet: Ab sofort bietet das APL Studierenden der Angewandten Beratung und Information in allen Fragen an, die f\u00fcr performative Praktiken und die Projektentwicklung relevant sind. Mit APL assoziierte K\u00fcnstlerInnen und DozentInnen unterst\u00fctzen Studierende, indem sie Live-Prozesse in ihrer weitesten Definition individuell reflektieren und praktisch bearbeiten. Auf unserer Website findet sich eine <strong><a href=\"https:\/\/apl.uni-ak.ac.at\/index.php\/performance-coaches\/\">Liste der K\u00fcnstlerInnen<\/a><\/strong>, die dieses Semester zur Verf\u00fcgung stehen. In diesem Semester unterst\u00fctzt das Programm besonders darin, wie man im alternate.mode auftreten kann, um performative \u2013 aber auch andere \u00ad\u2013 Projekte zu vermitteln. Studierende aller Fachbereiche k\u00f6nnen sich f\u00fcr eine individuelle Projekt Unterst\u00fctzung an das APL wenden.<\/li><li>Schlie\u00dflich wird die APL in diesem Semester als transversal unterst\u00fctzende Einheit f\u00fcr performative Interventionen anwesend sein, insbesondere zur Vorbereitung auf das Angewandte Festival.<\/li><\/ul><p>Wir freuen uns darauf, mit Euch zusammenzuarbeiten und die Vielzahl der Pr\u00e4senzen und M\u00f6glichkeiten performativer Kunst weiter zu erkunden!<\/p><p>Bleibt gesund und pass aufeinander auf!<\/p><p>Das APL-Team<\/p><hr \/><h2>\u00a0<\/h2><h2 style=\"text-align: center;\"><em><strong>APL in alternate.mode<\/strong><\/em><\/h2><p><em>The long durational performance of isolation has become reality for many. There are new codes on how to relate, what to wear, and how to behave. Assemblies and many other fundamental rights are restricted. Each week we get new performative instructions from our government. We adopt and reshuffle our public and private lives according to a new, yet continually changing, situation.<\/em><\/p><p><em>Any crisis like the one we are going through can be the trigger to an interpretation. The APL represents a variety of artistic positions. While we are forced to practice physical distancing, each of us interprets differently simultaneity in time and space as precondition for performativity and performance art.\u00a0<\/em><\/p><p><em>In response to Covid-19 the Angewandte Performance Laboratory has re-purposed its program until the University buildings will reopen. Our updated online program ranges in topic and approach:<\/em><\/p><ul><li><em>All announced <strong><a href=\"https:\/\/apl.uni-ak.ac.at\/index.php\/associated-courses\/\">APL associated courses <\/a><\/strong>will be held this Summer semester. Angewandte lecturers with a strong focus on performative formats jointly present their offers at the APL platform for enhanced visibility. This semester courses will take place via teletechnologies in alternate mode, but will also include experiences with real physical space in relation to performative practices. Further information about each course is found at the <a href=\"https:\/\/apl.uni-ak.ac.at\/index.php\/associated-courses-ws-2019-20\/\">base<\/a>.<\/em><\/li><\/ul><div>\u00a0<\/div><ul><li><em>A new individual <strong><a href=\"https:\/\/apl.uni-ak.ac.at\/index.php\/performance-coaching\/\">APL performance coaching <\/a><\/strong>program is launched: students can choose APL coaches from the <a href=\"https:\/\/apl.uni-ak.ac.at\/index.php\/coaches-summer-semester-2020\/\">list on our website<\/a>. They will support performative student projects by individually reflecting and practically working on questions of mediated and real physical presence of audiences and performers. This semester we will particularly consider how to perform in alternate mode. Furthermore the <strong><a href=\"https:\/\/apl.uni-ak.ac.at\/index.php\/apl-coaching\/\">APL performance coaching <\/a><\/strong>program provides a frame to test ideas and to expand the experience with performative methods. Students from all departments can contact the APL for individual coaching.<\/em><\/li><\/ul><div>\u00a0<\/div><ul><li><em>Finally, the APL, will be present as a transversal supportive unit for performative interventions, this semester especially in preparation for the Angewandte Festival.<\/em><\/li><\/ul><div>\u00a0<\/div><p><em>We are looking forward to work with you and to further explore the multitude of presences and the possibilities of performance based art in this day and age!<\/em><\/p><p><em>Stay well, and watch out for one another!<\/em><\/p><p><em>The APL Team.\u00a0<\/em><\/p>\t\t\t\t\t\t\t\t<\/div>\n\t\t\t\t<\/div>\n\t\t\t\t<div class=\"elementor-element elementor-element-fd783ca elementor-widget-divider--view-line elementor-widget elementor-widget-divider\" data-id=\"fd783ca\" data-element_type=\"widget\" data-e-type=\"widget\" data-widget_type=\"divider.default\">\n\t\t\t\t<div class=\"elementor-widget-container\">\n\t\t\t\t\t\t\t<div class=\"elementor-divider\">\n\t\t\t<span class=\"elementor-divider-separator\">\n\t\t\t\t\t\t<\/span>\n\t\t<\/div>\n\t\t\t\t\t\t<\/div>\n\t\t\t\t<\/div>\n\t\t\t\t\t<\/div>\n\t\t<\/div>\n\t\t\t\t\t<\/div>\n\t\t<\/section>\n\t\t\t\t<section class=\"elementor-section elementor-top-section elementor-element elementor-element-369749e elementor-section-boxed elementor-section-height-default elementor-section-height-default\" data-id=\"369749e\" data-element_type=\"section\" data-e-type=\"section\">\n\t\t\t\t\t\t<div class=\"elementor-container elementor-column-gap-default\">\n\t\t\t\t\t<div class=\"elementor-column elementor-col-50 elementor-top-column elementor-element elementor-element-6a4b3ef\" data-id=\"6a4b3ef\" data-element_type=\"column\" data-e-type=\"column\">\n\t\t\t<div class=\"elementor-widget-wrap elementor-element-populated\">\n\t\t\t\t\t\t<div class=\"elementor-element elementor-element-69f8b94 elementor-widget elementor-widget-text-editor\" data-id=\"69f8b94\" data-element_type=\"widget\" data-e-type=\"widget\" data-widget_type=\"text-editor.default\">\n\t\t\t\t<div class=\"elementor-widget-container\">\n\t\t\t\t\t\t\t\t\t<h3><em>Individual Coaching<\/em><\/h3><p><em><strong>The APL offers individual performance coaching for students of the Angewandte. <br \/><\/strong><\/em><\/p><p><em>Please contact <a href=\"mailto:apl_info@uni-ak.ac.at\">apl_info@uni-ak.ac.at<\/a> for an appointment and more information.<\/em><\/p><p><em>More Information can be found <a href=\"https:\/\/apl.uni-ak.ac.at\/index.php\/apl-coaching\/\">here<\/a>.<\/em><\/p>\t\t\t\t\t\t\t\t<\/div>\n\t\t\t\t<\/div>\n\t\t\t\t\t<\/div>\n\t\t<\/div>\n\t\t\t\t<div class=\"elementor-column elementor-col-50 elementor-top-column elementor-element elementor-element-929e07d\" data-id=\"929e07d\" data-element_type=\"column\" data-e-type=\"column\">\n\t\t\t<div class=\"elementor-widget-wrap elementor-element-populated\">\n\t\t\t\t\t\t<div class=\"elementor-element elementor-element-7010819 elementor-widget elementor-widget-text-editor\" data-id=\"7010819\" data-element_type=\"widget\" data-e-type=\"widget\" data-widget_type=\"text-editor.default\">\n\t\t\t\t<div class=\"elementor-widget-container\">\n\t\t\t\t\t\t\t\t\t<h3><em>Program<\/em><\/h3><p><em><strong>Please not changes in the program due to Covid-19 recommendations and restrictions in accordance to the Angewandte Guidelines. <br \/><\/strong><\/em><\/p><p><em>COURSES SS20 will be taught in alternate.mode. Find all links and info <a href=\"https:\/\/apl.uni-ak.ac.at\/index.php\/associated-courses-ws-2019-20\/\">here.<\/a><\/em><\/p><p><em>PRESENCE SS20: Alternative dates and program will be published soon.<\/em><\/p>\t\t\t\t\t\t\t\t<\/div>\n\t\t\t\t<\/div>\n\t\t\t\t\t<\/div>\n\t\t<\/div>\n\t\t\t\t\t<\/div>\n\t\t<\/section>\n\t\t\t\t<section class=\"elementor-section elementor-top-section elementor-element elementor-element-44e6a71 elementor-section-boxed elementor-section-height-default elementor-section-height-default\" data-id=\"44e6a71\" data-element_type=\"section\" data-e-type=\"section\">\n\t\t\t\t\t\t<div class=\"elementor-container elementor-column-gap-default\">\n\t\t\t\t\t<div class=\"elementor-column elementor-col-100 elementor-top-column elementor-element elementor-element-110c764\" data-id=\"110c764\" data-element_type=\"column\" data-e-type=\"column\">\n\t\t\t<div class=\"elementor-widget-wrap elementor-element-populated\">\n\t\t\t\t\t\t<div class=\"elementor-element elementor-element-5737d07 elementor-widget-divider--view-line elementor-widget elementor-widget-divider\" data-id=\"5737d07\" data-element_type=\"widget\" data-e-type=\"widget\" data-widget_type=\"divider.default\">\n\t\t\t\t<div class=\"elementor-widget-container\">\n\t\t\t\t\t\t\t<div class=\"elementor-divider\">\n\t\t\t<span class=\"elementor-divider-separator\">\n\t\t\t\t\t\t<\/span>\n\t\t<\/div>\n\t\t\t\t\t\t<\/div>\n\t\t\t\t<\/div>\n\t\t\t\t<div class=\"elementor-element elementor-element-55f03b8 elementor-widget elementor-widget-text-editor\" data-id=\"55f03b8\" data-element_type=\"widget\" data-e-type=\"widget\" data-widget_type=\"text-editor.default\">\n\t\t\t\t<div class=\"elementor-widget-container\">\n\t\t\t\t\t\t\t\t\t<div class=\"wp-block-image\">\n<figure class=\"alignleft size-large\"><img fetchpriority=\"high\" decoding=\"async\" width=\"723\" height=\"1024\" class=\"wp-image-267\" src=\"https:\/\/apl.uni-ak.ac.at\/wp-content\/uploads\/2020\/03\/apl_main_ss20_final-1-723x1024.jpg\" alt=\"\" \/><\/figure>\n<\/div>\n<div class=\"wp-block-group\">\n<div class=\"wp-block-group__inner-container\"><hr \/>\n<h2>\u00a0<\/h2>\n<\/div>\n<\/div>\t\t\t\t\t\t\t\t<\/div>\n\t\t\t\t<\/div>\n\t\t\t\t\t<\/div>\n\t\t<\/div>\n\t\t\t\t\t<\/div>\n\t\t<\/section>\n\t\t\t\t<\/div>\n\t\t","protected":false},"excerpt":{"rendered":"<p>Spot on: Performances at Angewandte Festival Das APL empfiehlt folgende performative Projekte am Angewandte Festival. Dar\u00fcber hinaus bieten wir unter 01 711 [&hellip;]<\/p>\n","protected":false},"author":1,"featured_media":0,"parent":597,"menu_order":0,"comment_status":"closed","ping_status":"closed","template":"","meta":{"footnotes":""},"class_list":["post-73","page","type-page","status-publish","hentry"],"_links":{"self":[{"href":"https:\/\/apl.uni-ak.ac.at\/index.php\/wp-json\/wp\/v2\/pages\/73","targetHints":{"allow":["GET"]}}],"collection":[{"href":"https:\/\/apl.uni-ak.ac.at\/index.php\/wp-json\/wp\/v2\/pages"}],"about":[{"href":"https:\/\/apl.uni-ak.ac.at\/index.php\/wp-json\/wp\/v2\/types\/page"}],"author":[{"embeddable":true,"href":"https:\/\/apl.uni-ak.ac.at\/index.php\/wp-json\/wp\/v2\/users\/1"}],"replies":[{"embeddable":true,"href":"https:\/\/apl.uni-ak.ac.at\/index.php\/wp-json\/wp\/v2\/comments?post=73"}],"version-history":[{"count":91,"href":"https:\/\/apl.uni-ak.ac.at\/index.php\/wp-json\/wp\/v2\/pages\/73\/revisions"}],"predecessor-version":[{"id":596,"href":"https:\/\/apl.uni-ak.ac.at\/index.php\/wp-json\/wp\/v2\/pages\/73\/revisions\/596"}],"up":[{"embeddable":true,"href":"https:\/\/apl.uni-ak.ac.at\/index.php\/wp-json\/wp\/v2\/pages\/597"}],"wp:attachment":[{"href":"https:\/\/apl.uni-ak.ac.at\/index.php\/wp-json\/wp\/v2\/media?parent=73"}],"curies":[{"name":"wp","href":"https:\/\/api.w.org\/{rel}","templated":true}]}}